{"id":1319,"date":"2021-06-18T11:11:09","date_gmt":"2021-06-18T09:11:09","guid":{"rendered":"https:\/\/dev.special-olympics.be\/over-ons\/f-a-q-questions-frequentes\/"},"modified":"2022-08-18T11:01:50","modified_gmt":"2022-08-18T09:01:50","slug":"faq-veelgestelde-vragen","status":"publish","type":"page","link":"https:\/\/special-olympics.be\/nl\/over-ons\/faq-veelgestelde-vragen\/","title":{"rendered":"F.A.Q. (Veelgestelde vragen)"},"content":{"rendered":"\n<div class=\"wp-block-pb-accordion-item c-accordion__item js-accordion-item no-js\" data-initially-open=\"false\" data-click-to-close=\"true\" data-auto-close=\"true\" data-scroll=\"false\" data-scroll-offset=\"0\"><h3 id=\"at-13190\" class=\"c-accordion__title js-accordion-controller\" role=\"button\">Wat is Special Olympics?&nbsp;&nbsp;<\/h3><div id=\"ac-13190\" class=\"c-accordion__content\">\n<p>Onze beweging werd in 1968 opgericht met als doel de integratie van mensen met een verstandelijke beperking in de samenleving te bevorderen door middel van sport. Special Olympics is erkend door het Internationaal Olympisch Comit\u00e9 en brengt meer dan 5 miljoen atleten samen in meer dan 200 landen, waaronder Belgi\u00eb. Om de twee jaar worden Wereldspelen georganiseerd (afwisselend winter en zomer).&nbsp; De aangesloten landen bieden ook Nationale Spelen aan georganiseerd door het plaatselijke Special Olympics-comit\u00e9.&nbsp;&nbsp;<\/p>\n\n\n\n<p><strong>Special Olympics Belgium<\/strong> is de Belgische tak van de wereldwijde Special Olympics-beweging. Ons land heeft een gemeenschap van 20.000 atleten en 11.000 vrijwilligers. Wij organiseren elk jaar Nationale Spelen, een zomereditie (16-20 disciplines) en een in de winter (4 disciplines).&nbsp;&nbsp;<\/p>\n<\/div><\/div>\n\n\n\n<div class=\"wp-block-pb-accordion-item c-accordion__item js-accordion-item no-js\" data-initially-open=\"false\" data-click-to-close=\"true\" data-auto-close=\"true\" data-scroll=\"false\" data-scroll-offset=\"0\"><h3 id=\"at-13191\" class=\"c-accordion__title js-accordion-controller\" role=\"button\">Op welke manier zijn wij anders dan de Paralympics?&nbsp;<\/h3><div id=\"ac-13191\" class=\"c-accordion__content\">\n<ul class=\"wp-block-list\"><li>Special Olympics is een <strong>particuliere organisatie<\/strong> die in 1968 is opgericht, door het IOC is erkend en die om de twee jaar Wereldspelen organiseert waaraan door de verschillende aangesloten landen wordt deelgenomen. De atleten zijn sporters met een verstandelijke beperking en nemen deel <strong>zonder enige niveaucriteria<\/strong>.<br>&nbsp;&nbsp;<\/li><li>De Paralympische beweging bestaat sinds 1960 en organiseert Olympische Spelen waarvan de criteria worden vastgesteld door het Internationaal Paralympisch Comit\u00e9, en waarvan de proeven openstaan voor mensen met zowel een <strong>lichamelijke als een verstandelijke beperking<\/strong>. Net zoals bij de Olympische Spelen moeten topatleten die zich voor de Olympische Spelen kwalificeren <strong>aan specifieke selectiecriteria<\/strong> voldoen.<\/li><\/ul>\n<\/div><\/div>\n\n\n\n<div class=\"wp-block-pb-accordion-item c-accordion__item js-accordion-item no-js\" data-initially-open=\"false\" data-click-to-close=\"true\" data-auto-close=\"true\" data-scroll=\"false\" data-scroll-offset=\"0\"><h3 id=\"at-13192\" class=\"c-accordion__title js-accordion-controller\" role=\"button\">Wat zijn de vereisten om een Special Olympics atleet te worden?&nbsp;&nbsp;<\/h3><div id=\"ac-13192\" class=\"c-accordion__content\">\n<p>Onze gemeenschap is er voor atleten met een <strong>verstandelijke beperking<\/strong> die op hun eigen niveau willen deelnemen aan sportwedstrijden en die <strong>lid zijn van een club<\/strong> waar ze regelmatig trainen. Dit kan een G-sportclub zijn, maar ook de sportclub van uw dagcentrum of school.&nbsp;&nbsp;<\/p>\n<\/div><\/div>\n\n\n\n<div class=\"wp-block-pb-accordion-item c-accordion__item js-accordion-item no-js\" data-initially-open=\"false\" data-click-to-close=\"true\" data-auto-close=\"true\" data-scroll=\"false\" data-scroll-offset=\"0\"><h3 id=\"at-13193\" class=\"c-accordion__title js-accordion-controller\" role=\"button\">Zijn mijn giften fiscaal aftrekbaar?<\/h3><div id=\"ac-13193\" class=\"c-accordion__content\">\n<p>Uw giften zijn tot 45% aftrekbaar van de belasting. Een schenking van 40 euro kost u maar 22 euro.&nbsp;<\/p>\n\n\n\n<p>Dankzij u kan het onverwachte nu werkelijkheid worden!<\/p>\n<\/div><\/div>\n\n\n\n<div class=\"wp-block-pb-accordion-item c-accordion__item js-accordion-item no-js\" data-initially-open=\"false\" data-click-to-close=\"true\" data-auto-close=\"true\" data-scroll=\"false\" data-scroll-offset=\"0\"><h3 id=\"at-13194\" class=\"c-accordion__title js-accordion-controller\" role=\"button\">Hoe vrijwilliger worden?&nbsp;&nbsp;<\/h3><div id=\"ac-13194\" class=\"c-accordion__content\">\n<p>Ook u kunt zich aansluiten bij onze gemeenschap van 11.000 vrijwilligers en talent investeren in onze beweging, of u er nu een dag of een jaar aan kunt spenderen! <a href=\"https:\/\/special-olympics.be\/nl\/maak-deel-uit-special-olympics\/vrijwilliger\/\">Neem hier contact op met onze verantwoordelijke.<\/a><\/p>\n<\/div><\/div>\n\n\n\n<div class=\"wp-block-pb-accordion-item c-accordion__item js-accordion-item no-js\" data-initially-open=\"false\" data-click-to-close=\"true\" data-auto-close=\"true\" data-scroll=\"false\" data-scroll-offset=\"0\"><h3 id=\"at-13195\" class=\"c-accordion__title js-accordion-controller\" role=\"button\">Hoe kan ik mijn club inschrijven?&nbsp;<\/h3><div id=\"ac-13195\" class=\"c-accordion__content\">\n<p>Meld uw club aan bij onze beweging! Het enige wat u moet doen is \u00e9\u00e9n jaar anci\u00ebnniteit hebben, regelmatig minstens 5 leden trainen in de categorie &#8220;verstandelijke beperking&#8221; en voldoende opgeleide begeleiders hebben. Via Special Olympics krijgt u toegang tot de Nationale Spelen, de delegaties naar internationale evenementen, plaatselijke ondersteuning en hulp bij de ontwikkeling van verschillende niet-sportprogramma&#8217;s.&nbsp;&nbsp;&nbsp;&nbsp;<\/p>\n\n\n\n<p>Een volledig overzicht van de toelatingseisen en wat Special Olympics voor uw club kan betekenen, vindt u <a href=\"https:\/\/special-olympics.be\/nl\/maak-deel-uit-special-olympics\/club\/\">hier<\/a>.<\/p>\n<\/div><\/div>\n\n\n\n<div class=\"wp-block-pb-accordion-item c-accordion__item js-accordion-item no-js\" data-initially-open=\"false\" data-click-to-close=\"true\" data-auto-close=\"true\" data-scroll=\"false\" data-scroll-offset=\"0\"><h3 id=\"at-13196\" class=\"c-accordion__title js-accordion-controller\" role=\"button\">Hoe weet ik welke evenementen SOB organiseert?&nbsp;<\/h3><div id=\"ac-13196\" class=\"c-accordion__content\">\n<p>Wij houden onze kalender actueel. U kunt ons ook volgen via sociale media, waar we u op de hoogte houden van onze evenementen en nieuwtjes. Ook u kunt onze boodschap verspreiden voor een meer inclusieve en samenhorige wereld!<\/p>\n<\/div><\/div>\n\n\n\n<div class=\"wp-block-pb-accordion-item c-accordion__item js-accordion-item no-js\" data-initially-open=\"false\" data-click-to-close=\"true\" data-auto-close=\"true\" data-scroll=\"false\" data-scroll-offset=\"0\"><h3 id=\"at-13197\" class=\"c-accordion__title js-accordion-controller\" role=\"button\">Hoe Special Olympics Belgium volgen op sociale media?&nbsp;<\/h3><div id=\"ac-13197\" class=\"c-accordion__content\">\n<p><strong>Via onze accounts :&nbsp;<\/strong><\/p>\n\n\n\n<p><strong>Facebook<\/strong>: <a href=\"https:\/\/fr-fr.facebook.com\/SpecialOlympicsBelgium\/\" target=\"_blank\" rel=\"noreferrer noopener\">https:\/\/fr-fr.facebook.com\/SpecialOlympicsBelgium\/&nbsp;<\/a><\/p>\n\n\n\n<p><strong>Instagram<\/strong>:  <a href=\"https:\/\/www.instagram.com\/sobelgium\/?hl=fr\" target=\"_blank\" rel=\"noreferrer noopener\">https:\/\/www.instagram.com\/sobelgium<\/a>\/<\/p>\n\n\n\n<p><strong>LinkedIn<\/strong>: <a href=\"https:\/\/be.linkedin.com\/company\/special-olympics-belgium\" target=\"_blank\" rel=\"noreferrer noopener\">https:\/\/be.linkedin.com\/company\/special-olympics-belgium<\/a>&nbsp;<\/p>\n\n\n\n<p><strong>Twitter:<\/strong> <a href=\"https:\/\/twitter.com\/SOBelgium\">https:\/\/twitter.com\/SOBelgium<\/a><\/p>\n\n\n\n<p><strong>YouTube:<\/strong> <a href=\"https:\/\/www.youtube.com\/channel\/UCNLoO7GvSrC7wKQ3lShsT_g\">https:\/\/www.youtube.com\/channel\/UCNLoO7GvSrC7wKQ3lShsT_g<\/a><\/p>\n<\/div><\/div>\n\n\n\n<p><\/p>\n\n\n\n<h2 class=\"wp-block-heading\" id=\"voir-aussi\">Zie ook<\/h2>\n\n\n  \n\n<div class=\"gridCatPosts\">\n\n<!-- the loop -->\n\n    \n<div class=\"gridCatItem\" id=\"post-1304\" style=\"background-image: url(https:\/\/special-olympics.be\/wp-content\/uploads\/2022\/02\/\u00a9GerbrandVanUytvanck_WSGAbuDhabi2019_SpecialOlympicsBelgium_140319_104-1024x768.jpg)\">\n<div class=\"gridCatInner\">\n<a href=\"https:\/\/special-olympics.be\/nl\/over-ons\/pers\/\">\n<span>Pers<\/span>\n<\/a>\n<\/div><!-- .gridCatInner -->\n<\/div><!-- .gridCatItem -->\n\n\n\n    \n<div class=\"gridCatItem\" id=\"post-1296\" style=\"background-image: url(https:\/\/special-olympics.be\/wp-content\/uploads\/2022\/02\/GerbrandVanUytvanck_WSGAbuDhabi2019_SpecialOlympicsBelgium_190319_056-1024x768.jpg)\">\n<div class=\"gridCatInner\">\n<a href=\"https:\/\/special-olympics.be\/nl\/over-ons\/ons-team\/\">\n<span>Ons Team<\/span>\n<\/a>\n<\/div><!-- .gridCatInner -->\n<\/div><!-- .gridCatItem -->\n\n\n\n    \n<div class=\"gridCatItem\" id=\"post-1291\" style=\"background-image: url(https:\/\/special-olympics.be\/wp-content\/uploads\/2022\/02\/\u00a9GerbrandVanUytvanck_WSGAbuDhabi2019_SpecialOlympicsBelgium_140319_102-1024x768.jpg)\">\n<div class=\"gridCatInner\">\n<a href=\"https:\/\/special-olympics.be\/nl\/over-ons\/organisatie\/\">\n<span>Organisatie<\/span>\n<\/a>\n<\/div><!-- .gridCatInner -->\n<\/div><!-- .gridCatItem -->\n\n\n\n    \n<div class=\"gridCatItem\" id=\"post-1311\" style=\"background-image: url(https:\/\/special-olympics.be\/wp-content\/uploads\/2022\/03\/vcbQkQhq-1024x768.jpg)\">\n<div class=\"gridCatInner\">\n<a href=\"https:\/\/special-olympics.be\/nl\/over-ons\/contact\/\">\n<span>Contact<\/span>\n<\/a>\n<\/div><!-- .gridCatInner -->\n<\/div><!-- .gridCatItem -->\n\n\n<!-- end of the loop -->\n\n\n<\/div><!-- .gridCatPosts -->\n","protected":false},"excerpt":{"rendered":"<p>Zie ook<\/p>\n","protected":false},"author":2,"featured_media":1166,"parent":1301,"menu_order":0,"comment_status":"closed","ping_status":"closed","template":"","meta":{"_acf_changed":false,"footnotes":""},"categories":[20],"class_list":["post-1319","page","type-page","status-publish","has-post-thumbnail","hentry","category-over-ons"],"acf":[],"yoast_head":"<!-- This site is optimized with the Yoast SEO plugin v27.4 - https:\/\/yoast.com\/product\/yoast-seo-wordpress\/ -->\n<title>F.A.Q. (Veelgestelde vragen) - Special Olympics<\/title>\n<meta name=\"robots\" content=\"index, follow, max-snippet:-1, max-image-preview:large, max-video-preview:-1\" \/>\n<link rel=\"canonical\" href=\"https:\/\/special-olympics.be\/nl\/over-ons\/faq-veelgestelde-vragen\/\" \/>\n<meta property=\"og:locale\" content=\"nl_NL\" \/>\n<meta property=\"og:type\" content=\"article\" \/>\n<meta property=\"og:title\" content=\"F.A.Q. (Veelgestelde vragen) - Special Olympics\" \/>\n<meta property=\"og:description\" content=\"Zie ook\" \/>\n<meta property=\"og:url\" content=\"https:\/\/special-olympics.be\/nl\/over-ons\/faq-veelgestelde-vragen\/\" \/>\n<meta property=\"og:site_name\" content=\"Special Olympics\" \/>\n<meta property=\"article:modified_time\" content=\"2022-08-18T09:01:50+00:00\" \/>\n<meta property=\"og:image\" content=\"https:\/\/special-olympics.be\/wp-content\/uploads\/2022\/02\/\u00a9GerbrandVanUytvanck_WSGAbuDhabi2019_SpecialOlympicsBelgium_140319_109.jpg\" \/>\n\t<meta property=\"og:image:width\" content=\"1600\" \/>\n\t<meta property=\"og:image:height\" content=\"1067\" \/>\n\t<meta property=\"og:image:type\" content=\"image\/jpeg\" \/>\n<meta name=\"twitter:card\" content=\"summary_large_image\" \/>\n<meta name=\"twitter:label1\" content=\"Geschatte leestijd\" \/>\n\t<meta name=\"twitter:data1\" content=\"3 minuten\" \/>\n<script type=\"application\/ld+json\" class=\"yoast-schema-graph\">{\"@context\":\"https:\\\/\\\/schema.org\",\"@graph\":[{\"@type\":\"WebPage\",\"@id\":\"https:\\\/\\\/special-olympics.be\\\/nl\\\/over-ons\\\/faq-veelgestelde-vragen\\\/\",\"url\":\"https:\\\/\\\/special-olympics.be\\\/nl\\\/over-ons\\\/faq-veelgestelde-vragen\\\/\",\"name\":\"F.A.Q. (Veelgestelde vragen) - Special Olympics\",\"isPartOf\":{\"@id\":\"https:\\\/\\\/special-olympics.be\\\/nl\\\/#website\"},\"primaryImageOfPage\":{\"@id\":\"https:\\\/\\\/special-olympics.be\\\/nl\\\/over-ons\\\/faq-veelgestelde-vragen\\\/#primaryimage\"},\"image\":{\"@id\":\"https:\\\/\\\/special-olympics.be\\\/nl\\\/over-ons\\\/faq-veelgestelde-vragen\\\/#primaryimage\"},\"thumbnailUrl\":\"https:\\\/\\\/special-olympics.be\\\/wp-content\\\/uploads\\\/2022\\\/02\\\/\u00a9GerbrandVanUytvanck_WSGAbuDhabi2019_SpecialOlympicsBelgium_140319_109.jpg\",\"datePublished\":\"2021-06-18T09:11:09+00:00\",\"dateModified\":\"2022-08-18T09:01:50+00:00\",\"breadcrumb\":{\"@id\":\"https:\\\/\\\/special-olympics.be\\\/nl\\\/over-ons\\\/faq-veelgestelde-vragen\\\/#breadcrumb\"},\"inLanguage\":\"nl-NL\",\"potentialAction\":[{\"@type\":\"ReadAction\",\"target\":[\"https:\\\/\\\/special-olympics.be\\\/nl\\\/over-ons\\\/faq-veelgestelde-vragen\\\/\"]}]},{\"@type\":\"ImageObject\",\"inLanguage\":\"nl-NL\",\"@id\":\"https:\\\/\\\/special-olympics.be\\\/nl\\\/over-ons\\\/faq-veelgestelde-vragen\\\/#primaryimage\",\"url\":\"https:\\\/\\\/special-olympics.be\\\/wp-content\\\/uploads\\\/2022\\\/02\\\/\u00a9GerbrandVanUytvanck_WSGAbuDhabi2019_SpecialOlympicsBelgium_140319_109.jpg\",\"contentUrl\":\"https:\\\/\\\/special-olympics.be\\\/wp-content\\\/uploads\\\/2022\\\/02\\\/\u00a9GerbrandVanUytvanck_WSGAbuDhabi2019_SpecialOlympicsBelgium_140319_109.jpg\",\"width\":1600,\"height\":1067},{\"@type\":\"BreadcrumbList\",\"@id\":\"https:\\\/\\\/special-olympics.be\\\/nl\\\/over-ons\\\/faq-veelgestelde-vragen\\\/#breadcrumb\",\"itemListElement\":[{\"@type\":\"ListItem\",\"position\":1,\"name\":\"Home\",\"item\":\"https:\\\/\\\/special-olympics.be\\\/nl\\\/\"},{\"@type\":\"ListItem\",\"position\":2,\"name\":\"Over ons\",\"item\":\"https:\\\/\\\/special-olympics.be\\\/nl\\\/over-ons\\\/\"},{\"@type\":\"ListItem\",\"position\":3,\"name\":\"F.A.Q. (Veelgestelde vragen)\"}]},{\"@type\":\"WebSite\",\"@id\":\"https:\\\/\\\/special-olympics.be\\\/nl\\\/#website\",\"url\":\"https:\\\/\\\/special-olympics.be\\\/nl\\\/\",\"name\":\"Special Olympics\",\"description\":\"Special Olympics Belgium\",\"potentialAction\":[{\"@type\":\"SearchAction\",\"target\":{\"@type\":\"EntryPoint\",\"urlTemplate\":\"https:\\\/\\\/special-olympics.be\\\/nl\\\/?s={search_term_string}\"},\"query-input\":{\"@type\":\"PropertyValueSpecification\",\"valueRequired\":true,\"valueName\":\"search_term_string\"}}],\"inLanguage\":\"nl-NL\"}]}<\/script>\n<!-- \/ Yoast SEO plugin. -->","yoast_head_json":{"title":"F.A.Q. (Veelgestelde vragen) - Special Olympics","robots":{"index":"index","follow":"follow","max-snippet":"max-snippet:-1","max-image-preview":"max-image-preview:large","max-video-preview":"max-video-preview:-1"},"canonical":"https:\/\/special-olympics.be\/nl\/over-ons\/faq-veelgestelde-vragen\/","og_locale":"nl_NL","og_type":"article","og_title":"F.A.Q. (Veelgestelde vragen) - Special Olympics","og_description":"Zie ook","og_url":"https:\/\/special-olympics.be\/nl\/over-ons\/faq-veelgestelde-vragen\/","og_site_name":"Special Olympics","article_modified_time":"2022-08-18T09:01:50+00:00","og_image":[{"width":1600,"height":1067,"url":"https:\/\/special-olympics.be\/wp-content\/uploads\/2022\/02\/\u00a9GerbrandVanUytvanck_WSGAbuDhabi2019_SpecialOlympicsBelgium_140319_109.jpg","type":"image\/jpeg"}],"twitter_card":"summary_large_image","twitter_misc":{"Geschatte leestijd":"3 minuten"},"schema":{"@context":"https:\/\/schema.org","@graph":[{"@type":"WebPage","@id":"https:\/\/special-olympics.be\/nl\/over-ons\/faq-veelgestelde-vragen\/","url":"https:\/\/special-olympics.be\/nl\/over-ons\/faq-veelgestelde-vragen\/","name":"F.A.Q. (Veelgestelde vragen) - Special Olympics","isPartOf":{"@id":"https:\/\/special-olympics.be\/nl\/#website"},"primaryImageOfPage":{"@id":"https:\/\/special-olympics.be\/nl\/over-ons\/faq-veelgestelde-vragen\/#primaryimage"},"image":{"@id":"https:\/\/special-olympics.be\/nl\/over-ons\/faq-veelgestelde-vragen\/#primaryimage"},"thumbnailUrl":"https:\/\/special-olympics.be\/wp-content\/uploads\/2022\/02\/\u00a9GerbrandVanUytvanck_WSGAbuDhabi2019_SpecialOlympicsBelgium_140319_109.jpg","datePublished":"2021-06-18T09:11:09+00:00","dateModified":"2022-08-18T09:01:50+00:00","breadcrumb":{"@id":"https:\/\/special-olympics.be\/nl\/over-ons\/faq-veelgestelde-vragen\/#breadcrumb"},"inLanguage":"nl-NL","potentialAction":[{"@type":"ReadAction","target":["https:\/\/special-olympics.be\/nl\/over-ons\/faq-veelgestelde-vragen\/"]}]},{"@type":"ImageObject","inLanguage":"nl-NL","@id":"https:\/\/special-olympics.be\/nl\/over-ons\/faq-veelgestelde-vragen\/#primaryimage","url":"https:\/\/special-olympics.be\/wp-content\/uploads\/2022\/02\/\u00a9GerbrandVanUytvanck_WSGAbuDhabi2019_SpecialOlympicsBelgium_140319_109.jpg","contentUrl":"https:\/\/special-olympics.be\/wp-content\/uploads\/2022\/02\/\u00a9GerbrandVanUytvanck_WSGAbuDhabi2019_SpecialOlympicsBelgium_140319_109.jpg","width":1600,"height":1067},{"@type":"BreadcrumbList","@id":"https:\/\/special-olympics.be\/nl\/over-ons\/faq-veelgestelde-vragen\/#breadcrumb","itemListElement":[{"@type":"ListItem","position":1,"name":"Home","item":"https:\/\/special-olympics.be\/nl\/"},{"@type":"ListItem","position":2,"name":"Over ons","item":"https:\/\/special-olympics.be\/nl\/over-ons\/"},{"@type":"ListItem","position":3,"name":"F.A.Q. (Veelgestelde vragen)"}]},{"@type":"WebSite","@id":"https:\/\/special-olympics.be\/nl\/#website","url":"https:\/\/special-olympics.be\/nl\/","name":"Special Olympics","description":"Special Olympics Belgium","potentialAction":[{"@type":"SearchAction","target":{"@type":"EntryPoint","urlTemplate":"https:\/\/special-olympics.be\/nl\/?s={search_term_string}"},"query-input":{"@type":"PropertyValueSpecification","valueRequired":true,"valueName":"search_term_string"}}],"inLanguage":"nl-NL"}]}},"_links":{"self":[{"href":"https:\/\/special-olympics.be\/nl\/wp-json\/wp\/v2\/pages\/1319","targetHints":{"allow":["GET"]}}],"collection":[{"href":"https:\/\/special-olympics.be\/nl\/wp-json\/wp\/v2\/pages"}],"about":[{"href":"https:\/\/special-olympics.be\/nl\/wp-json\/wp\/v2\/types\/page"}],"author":[{"embeddable":true,"href":"https:\/\/special-olympics.be\/nl\/wp-json\/wp\/v2\/users\/2"}],"replies":[{"embeddable":true,"href":"https:\/\/special-olympics.be\/nl\/wp-json\/wp\/v2\/comments?post=1319"}],"version-history":[{"count":7,"href":"https:\/\/special-olympics.be\/nl\/wp-json\/wp\/v2\/pages\/1319\/revisions"}],"predecessor-version":[{"id":2947,"href":"https:\/\/special-olympics.be\/nl\/wp-json\/wp\/v2\/pages\/1319\/revisions\/2947"}],"up":[{"embeddable":true,"href":"https:\/\/special-olympics.be\/nl\/wp-json\/wp\/v2\/pages\/1301"}],"wp:featuredmedia":[{"embeddable":true,"href":"https:\/\/special-olympics.be\/nl\/wp-json\/wp\/v2\/media\/1166"}],"wp:attachment":[{"href":"https:\/\/special-olympics.be\/nl\/wp-json\/wp\/v2\/media?parent=1319"}],"wp:term":[{"taxonomy":"category","embeddable":true,"href":"https:\/\/special-olympics.be\/nl\/wp-json\/wp\/v2\/categories?post=1319"}],"curies":[{"name":"wp","href":"https:\/\/api.w.org\/{rel}","templated":true}]}}